{"id":9,"date":"2025-01-28T17:31:30","date_gmt":"2025-01-28T17:31:30","guid":{"rendered":"https:\/\/www.sindiesp.org.br\/sindicato\/?page_id=9"},"modified":"2025-09-01T21:26:45","modified_gmt":"2025-09-01T21:26:45","slug":"home","status":"publish","type":"page","link":"https:\/\/www.sindiesp.org.br\/sindicato\/","title":{"rendered":"Home"},"content":{"rendered":"\t\t<div data-elementor-type=\"wp-page\" data-elementor-id=\"9\" class=\"elementor elementor-9\" data-elementor-post-type=\"page\">\n\t\t\t\t<div class=\"elementor-element elementor-element-aaa1b23 e-flex e-con-boxed e-con e-parent\" data-id=\"aaa1b23\" data-element_type=\"container\" data-settings=\"{&quot;background_background&quot;:&quot;slideshow&quot;,&quot;background_slideshow_gallery&quot;:[],&quot;background_slideshow_loop&quot;:&quot;yes&quot;,&quot;background_slideshow_slide_duration&quot;:5000,&quot;background_slideshow_slide_transition&quot;:&quot;fade&quot;,&quot;background_slideshow_transition_duration&quot;:500}\">\n\t\t\t\t\t<div class=\"e-con-inner\">\n\t\t<div class=\"elementor-element elementor-element-40bd4fa e-con-full e-flex e-con e-child\" data-id=\"40bd4fa\" data-element_type=\"container\" data-settings=\"{&quot;background_background&quot;:&quot;slideshow&quot;,&quot;background_slideshow_gallery&quot;:[],&quot;background_slideshow_loop&quot;:&quot;yes&quot;,&quot;background_slideshow_slide_duration&quot;:5000,&quot;background_slideshow_slide_transition&quot;:&quot;fade&quot;,&quot;background_slideshow_transition_duration&quot;:500}\">\n\t\t\t\t<div class=\"elementor-element elementor-element-55ce7a8 elementor-widget elementor-widget-shortcode\" data-id=\"55ce7a8\" data-element_type=\"widget\" data-widget_type=\"shortcode.default\">\n\t\t\t\t\t\t\t<div class=\"elementor-shortcode\"><div id=\"metaslider-id-199\" style=\"width: 100%;\" class=\"ml-slider-3-106-0 metaslider metaslider-flex metaslider-199 ml-slider has-dots-nav ms-theme-default-base\" role=\"region\" aria-label=\"New Slideshow\" data-height=\"536\" data-width=\"1164\">\n    <div id=\"metaslider_container_199\">\n        <div id=\"metaslider_199\">\n            <ul class='slides'>\n                <li style=\"display: block; width: 100%;\" class=\"slide-2310 ms-image \" aria-roledescription=\"slide\" data-date=\"2026-04-30 00:39:13\" data-filename=\"IMG-20260429-WA0034-1164x536.jpg\" data-slide-type=\"image\"><img fetchpriority=\"high\" decoding=\"async\" src=\"https:\/\/www.sindiesp.org.br\/sindicato\/wp-content\/uploads\/2026\/04\/IMG-20260429-WA0034-1164x536.jpg\" height=\"536\" width=\"1164\" alt=\"\" class=\"slider-199 slide-2310 msDefaultImage\" title=\"IMG-20260429-WA0034\" \/><\/li>\n                <li style=\"display: none; width: 100%;\" class=\"slide-2312 ms-image \" aria-roledescription=\"slide\" data-date=\"2026-04-30 00:40:03\" data-filename=\"IMG-20260429-WA0035-1164x536.jpg\" data-slide-type=\"image\"><img decoding=\"async\" src=\"https:\/\/www.sindiesp.org.br\/sindicato\/wp-content\/uploads\/2026\/04\/IMG-20260429-WA0035-1164x536.jpg\" height=\"536\" width=\"1164\" alt=\"\" class=\"slider-199 slide-2312 msDefaultImage\" title=\"IMG-20260429-WA0035\" \/><\/li>\n                <li style=\"display: none; width: 100%;\" class=\"slide-2307 ms-image \" aria-roledescription=\"slide\" data-date=\"2026-04-23 19:40:47\" data-filename=\"banner-sindiesp-sorteio-2026-1164x536.webp\" data-slide-type=\"image\"><a href=\"https:\/\/www.sindiesp.org.br\/sindicato\/participedosorteio\/\" target=\"_self\" aria-label=\"View Slide Details\" class=\"metaslider_image_link\"><img decoding=\"async\" src=\"https:\/\/www.sindiesp.org.br\/sindicato\/wp-content\/uploads\/2026\/04\/banner-sindiesp-sorteio-2026-1164x536.webp\" height=\"536\" width=\"1164\" alt=\"\" class=\"slider-199 slide-2307 msDefaultImage\" title=\"banner-sindiesp-sorteio-2026\" \/><\/a><\/li>\n                <li style=\"display: none; width: 100%;\" class=\"slide-2258 ms-image \" aria-roledescription=\"slide\" data-date=\"2026-04-16 13:54:38\" data-filename=\"1290.14-Banner-para-a-home-Convencao-2026-2027-1-1164x536.webp\" data-slide-type=\"image\"><a href=\"https:\/\/www.sindiesp.org.br\/sindicato\/2026-2027-data-base-1o-de-marco-convencao-coletiva\/\" target=\"_self\" aria-label=\"View Slide Details\" class=\"metaslider_image_link\"><img loading=\"lazy\" decoding=\"async\" src=\"https:\/\/www.sindiesp.org.br\/sindicato\/wp-content\/uploads\/2026\/04\/1290.14-Banner-para-a-home-Convencao-2026-2027-1-1164x536.webp\" height=\"536\" width=\"1164\" alt=\"\" class=\"slider-199 slide-2258 msDefaultImage\" title=\"1290.14-Banner-para-a-home---Conven\u00e7\u00e3o-2026-2027-1\" \/><\/a><\/li>\n                <li style=\"display: none; width: 100%;\" class=\"slide-2218 ms-image \" aria-roledescription=\"slide\" data-date=\"2026-04-08 20:44:13\" data-filename=\"BANNER-INFORMATIVO-1164x536.webp\" data-slide-type=\"image\"><img loading=\"lazy\" decoding=\"async\" src=\"https:\/\/www.sindiesp.org.br\/sindicato\/wp-content\/uploads\/2026\/04\/BANNER-INFORMATIVO-1164x536.webp\" height=\"536\" width=\"1164\" alt=\"\" class=\"slider-199 slide-2218 msDefaultImage\" title=\"BANNER-INFORMATIVO\" \/><\/li>\n                <li style=\"display: none; width: 100%;\" class=\"slide-2213 ms-image \" aria-roledescription=\"slide\" data-date=\"2026-04-07 20:08:08\" data-filename=\"sindi-banner26-1164x536.webp\" data-slide-type=\"image\"><img loading=\"lazy\" decoding=\"async\" src=\"https:\/\/www.sindiesp.org.br\/sindicato\/wp-content\/uploads\/2026\/04\/sindi-banner26-1164x536.webp\" height=\"536\" width=\"1164\" alt=\"\" class=\"slider-199 slide-2213 msDefaultImage\" title=\"sindi-banner26\" \/><\/li>\n                <li style=\"display: none; width: 100%;\" class=\"slide-2038 ms-image \" aria-roledescription=\"slide\" data-date=\"2025-07-04 20:59:27\" data-filename=\"assemb01-1144x527.jpg\" data-slide-type=\"image\"><img loading=\"lazy\" decoding=\"async\" src=\"https:\/\/www.sindiesp.org.br\/sindicato\/wp-content\/uploads\/2025\/07\/assemb01-1144x527.jpg\" height=\"536\" width=\"1164\" alt=\"\" class=\"slider-199 slide-2038 msDefaultImage\" title=\"assemb01\" \/><\/li>\n                <li style=\"display: none; width: 100%;\" class=\"slide-1007 ms-image \" aria-roledescription=\"slide\" data-date=\"2025-02-07 12:53:04\" data-filename=\"2.-banner-secundario-VI.webp-1164x536.webp\" data-slide-type=\"image\"><img loading=\"lazy\" decoding=\"async\" src=\"https:\/\/www.sindiesp.org.br\/sindicato\/wp-content\/uploads\/2025\/05\/2.-banner-secundario-VI.webp-1164x536.webp\" height=\"536\" width=\"1164\" alt=\"\" class=\"slider-199 slide-1007 msDefaultImage\" title=\"2. banner secund\u00e1rio VI.webp\" \/><\/li>\n                <li style=\"display: none; width: 100%;\" class=\"slide-207 ms-image \" aria-roledescription=\"slide\" data-date=\"2025-01-28 20:29:44\" data-filename=\"clube-beneficios.webp\" data-slide-type=\"image\"><a href=\"https:\/\/rede.clubedobeneficio.com.br\/sindiesp\/\" target=\"_blank\" aria-label=\"View Slide Details\" class=\"metaslider_image_link\"><img loading=\"lazy\" decoding=\"async\" src=\"https:\/\/www.sindiesp.org.br\/sindicato\/wp-content\/uploads\/2025\/01\/clube-beneficios.webp\" height=\"536\" width=\"1164\" alt=\"\" class=\"slider-199 slide-207 msDefaultImage\" title=\"clube-beneficios\" \/><\/a><\/li>\n            <\/ul>\n        <\/div>\n        \n    <\/div>\n<\/div><\/div>\n\t\t\t\t\t\t<\/div>\n\t\t\t\t<\/div>\n\t\t\t\t\t<\/div>\n\t\t\t\t<\/div>\n\t\t<div class=\"elementor-element elementor-element-5aafa96 e-flex e-con-boxed e-con e-parent\" data-id=\"5aafa96\" data-element_type=\"container\">\n\t\t\t\t\t<div class=\"e-con-inner\">\n\t\t<div class=\"elementor-element elementor-element-d69cbd7 e-con-full e-flex e-con e-child\" data-id=\"d69cbd7\" data-element_type=\"container\" data-settings=\"{&quot;background_background&quot;:&quot;gradient&quot;}\">\n\t\t\t\t<div class=\"elementor-element elementor-element-1f818d1 elementor-widget elementor-widget-heading\" data-id=\"1f818d1\" data-element_type=\"widget\" data-widget_type=\"heading.default\">\n\t\t\t\t\t<h2 class=\"elementor-heading-title elementor-size-default\">Parceria<\/h2>\t\t\t\t<\/div>\n\t\t\t\t<\/div>\n\t\t\t\t\t<\/div>\n\t\t\t\t<\/div>\n\t\t<div class=\"elementor-element elementor-element-5a5dc92 e-flex e-con-boxed e-con e-parent\" data-id=\"5a5dc92\" data-element_type=\"container\">\n\t\t\t\t\t<div class=\"e-con-inner\">\n\t\t<div class=\"elementor-element elementor-element-3854973 e-con-full e-flex e-con e-child\" data-id=\"3854973\" data-element_type=\"container\">\n\t\t\t\t<div class=\"elementor-element elementor-element-7f14ff0 elementor-grid-tablet-3 elementor-posts--align-left elementor-grid-3 elementor-grid-mobile-1 elementor-posts--thumbnail-top elementor-widget elementor-widget-posts\" data-id=\"7f14ff0\" data-element_type=\"widget\" data-settings=\"{&quot;classic_columns_tablet&quot;:&quot;3&quot;,&quot;classic_row_gap_mobile&quot;:{&quot;unit&quot;:&quot;px&quot;,&quot;size&quot;:0,&quot;sizes&quot;:[]},&quot;classic_columns&quot;:&quot;3&quot;,&quot;classic_columns_mobile&quot;:&quot;1&quot;,&quot;classic_row_gap&quot;:{&quot;unit&quot;:&quot;px&quot;,&quot;size&quot;:35,&quot;sizes&quot;:[]},&quot;classic_row_gap_tablet&quot;:{&quot;unit&quot;:&quot;px&quot;,&quot;size&quot;:&quot;&quot;,&quot;sizes&quot;:[]}}\" data-widget_type=\"posts.classic\">\n\t\t\t\t<div class=\"elementor-widget-container\">\n\t\t\t\t\t\t\t<div class=\"elementor-posts-container elementor-posts elementor-posts--skin-classic elementor-grid\">\n\t\t\t\t<article class=\"elementor-post elementor-grid-item post-2131 post type-post status-publish format-standard has-post-thumbnail hentry category-parcerias\">\n\t\t\t\t<a class=\"elementor-post__thumbnail__link\" href=\"https:\/\/www.sindiesp.org.br\/sindicato\/josilene-grellet-pereira-ltda\/\" tabindex=\"-1\" >\n\t\t\t<div class=\"elementor-post__thumbnail\"><img loading=\"lazy\" decoding=\"async\" width=\"284\" height=\"284\" src=\"https:\/\/www.sindiesp.org.br\/sindicato\/wp-content\/uploads\/2025\/11\/josilene-grellet-pereira.png\" class=\"attachment-1536x1536 size-1536x1536 wp-image-2132\" alt=\"\" srcset=\"https:\/\/www.sindiesp.org.br\/sindicato\/wp-content\/uploads\/2025\/11\/josilene-grellet-pereira.png 284w, https:\/\/www.sindiesp.org.br\/sindicato\/wp-content\/uploads\/2025\/11\/josilene-grellet-pereira-150x150.png 150w\" sizes=\"(max-width: 284px) 100vw, 284px\" \/><\/div>\n\t\t<\/a>\n\t\t\t\t<div class=\"elementor-post__text\">\n\t\t\t\t<h3 class=\"elementor-post__title\">\n\t\t\t<a href=\"https:\/\/www.sindiesp.org.br\/sindicato\/josilene-grellet-pereira-ltda\/\" >\n\t\t\t\tJosilene Grellet Pereira LTDA\t\t\t<\/a>\n\t\t<\/h3>\n\t\t\t\t\t<div class=\"elementor-post__read-more-wrapper\">\n\t\t\n\t\t<a class=\"elementor-post__read-more\" href=\"https:\/\/www.sindiesp.org.br\/sindicato\/josilene-grellet-pereira-ltda\/\" aria-label=\"Leia mais sobre Josilene Grellet Pereira LTDA\" tabindex=\"-1\" >\n\t\t\tSaiba mais \u2192\t\t<\/a>\n\n\t\t\t\t\t<\/div>\n\t\t\t\t<\/div>\n\t\t\t\t<\/article>\n\t\t\t\t<article class=\"elementor-post elementor-grid-item post-2118 post type-post status-publish format-standard has-post-thumbnail hentry category-parcerias\">\n\t\t\t\t<a class=\"elementor-post__thumbnail__link\" href=\"https:\/\/www.sindiesp.org.br\/sindicato\/hotel-casa-branca\/\" tabindex=\"-1\" >\n\t\t\t<div class=\"elementor-post__thumbnail\"><img loading=\"lazy\" decoding=\"async\" width=\"833\" height=\"910\" src=\"https:\/\/www.sindiesp.org.br\/sindicato\/wp-content\/uploads\/2025\/10\/Logo-HOTEL-CASA-BRANCA-e1761588968524.png\" class=\"attachment-1536x1536 size-1536x1536 wp-image-2119\" alt=\"\" srcset=\"https:\/\/www.sindiesp.org.br\/sindicato\/wp-content\/uploads\/2025\/10\/Logo-HOTEL-CASA-BRANCA-e1761588968524.png 833w, https:\/\/www.sindiesp.org.br\/sindicato\/wp-content\/uploads\/2025\/10\/Logo-HOTEL-CASA-BRANCA-e1761588968524-275x300.png 275w, https:\/\/www.sindiesp.org.br\/sindicato\/wp-content\/uploads\/2025\/10\/Logo-HOTEL-CASA-BRANCA-e1761588968524-768x839.png 768w\" sizes=\"(max-width: 833px) 100vw, 833px\" \/><\/div>\n\t\t<\/a>\n\t\t\t\t<div class=\"elementor-post__text\">\n\t\t\t\t<h3 class=\"elementor-post__title\">\n\t\t\t<a href=\"https:\/\/www.sindiesp.org.br\/sindicato\/hotel-casa-branca\/\" >\n\t\t\t\tHotel Casa Branca\t\t\t<\/a>\n\t\t<\/h3>\n\t\t\t\t\t<div class=\"elementor-post__read-more-wrapper\">\n\t\t\n\t\t<a class=\"elementor-post__read-more\" href=\"https:\/\/www.sindiesp.org.br\/sindicato\/hotel-casa-branca\/\" aria-label=\"Leia mais sobre Hotel Casa Branca\" tabindex=\"-1\" >\n\t\t\tSaiba mais \u2192\t\t<\/a>\n\n\t\t\t\t\t<\/div>\n\t\t\t\t<\/div>\n\t\t\t\t<\/article>\n\t\t\t\t<article class=\"elementor-post elementor-grid-item post-88 post type-post status-publish format-standard has-post-thumbnail hentry category-parcerias tag-parcerias\">\n\t\t\t\t<a class=\"elementor-post__thumbnail__link\" href=\"https:\/\/www.sindiesp.org.br\/sindicato\/cna\/\" tabindex=\"-1\" >\n\t\t\t<div class=\"elementor-post__thumbnail\"><img loading=\"lazy\" decoding=\"async\" width=\"373\" height=\"210\" src=\"https:\/\/www.sindiesp.org.br\/sindicato\/wp-content\/uploads\/2025\/01\/cna-parceria.webp\" class=\"attachment-1536x1536 size-1536x1536 wp-image-107\" alt=\"\" srcset=\"https:\/\/www.sindiesp.org.br\/sindicato\/wp-content\/uploads\/2025\/01\/cna-parceria.webp 373w, https:\/\/www.sindiesp.org.br\/sindicato\/wp-content\/uploads\/2025\/01\/cna-parceria-300x169.webp 300w\" sizes=\"(max-width: 373px) 100vw, 373px\" \/><\/div>\n\t\t<\/a>\n\t\t\t\t<div class=\"elementor-post__text\">\n\t\t\t\t<h3 class=\"elementor-post__title\">\n\t\t\t<a href=\"https:\/\/www.sindiesp.org.br\/sindicato\/cna\/\" >\n\t\t\t\tCNA\t\t\t<\/a>\n\t\t<\/h3>\n\t\t\t\t\t<div class=\"elementor-post__read-more-wrapper\">\n\t\t\n\t\t<a class=\"elementor-post__read-more\" href=\"https:\/\/www.sindiesp.org.br\/sindicato\/cna\/\" aria-label=\"Leia mais sobre CNA\" tabindex=\"-1\" >\n\t\t\tSaiba mais \u2192\t\t<\/a>\n\n\t\t\t\t\t<\/div>\n\t\t\t\t<\/div>\n\t\t\t\t<\/article>\n\t\t\t\t<\/div>\n\t\t\n\t\t\t\t\t\t<\/div>\n\t\t\t\t<\/div>\n\t\t\t\t<div class=\"elementor-element elementor-element-6c9d593 elementor-align-center elementor-widget elementor-widget-button\" data-id=\"6c9d593\" data-element_type=\"widget\" data-widget_type=\"button.default\">\n\t\t\t\t\t\t\t\t\t\t<a class=\"elementor-button elementor-button-link elementor-size-sm\" href=\"https:\/\/www.sindiesp.org.br\/sindicato\/parcerias\/\">\n\t\t\t\t\t\t<span class=\"elementor-button-content-wrapper\">\n\t\t\t\t\t\t\t\t\t<span class=\"elementor-button-text\">Veja todos<\/span>\n\t\t\t\t\t<\/span>\n\t\t\t\t\t<\/a>\n\t\t\t\t\t\t\t\t<\/div>\n\t\t\t\t<\/div>\n\t\t\t\t\t<\/div>\n\t\t\t\t<\/div>\n\t\t<div class=\"elementor-element elementor-element-943c0d2 e-flex e-con-boxed e-con e-parent\" data-id=\"943c0d2\" data-element_type=\"container\">\n\t\t\t\t\t<div class=\"e-con-inner\">\n\t\t<div class=\"elementor-element elementor-element-39646d9 e-con-full e-flex e-con e-child\" data-id=\"39646d9\" data-element_type=\"container\" data-settings=\"{&quot;background_background&quot;:&quot;gradient&quot;}\">\n\t\t\t\t<div class=\"elementor-element elementor-element-b4be0c3 elementor-widget elementor-widget-heading\" data-id=\"b4be0c3\" data-element_type=\"widget\" data-widget_type=\"heading.default\">\n\t\t\t\t\t<h2 class=\"elementor-heading-title elementor-size-default\">COMUNICADOS<\/h2>\t\t\t\t<\/div>\n\t\t\t\t<\/div>\n\t\t<div class=\"elementor-element elementor-element-b26ddf7 e-con-full e-flex e-con e-child\" data-id=\"b26ddf7\" data-element_type=\"container\">\n\t\t<div class=\"elementor-element elementor-element-25e9b24 e-con-full e-flex e-con e-child\" data-id=\"25e9b24\" data-element_type=\"container\">\n\t\t<div class=\"elementor-element elementor-element-4581137 e-con-full e-flex e-con e-child\" data-id=\"4581137\" data-element_type=\"container\">\n\t\t\t\t<div class=\"elementor-element elementor-element-3508d6f elementor-grid-1 elementor-grid-tablet-1 elementor-grid-mobile-1 elementor-posts--thumbnail-top elementor-widget elementor-widget-posts\" data-id=\"3508d6f\" data-element_type=\"widget\" data-settings=\"{&quot;classic_columns&quot;:&quot;1&quot;,&quot;classic_columns_tablet&quot;:&quot;1&quot;,&quot;classic_columns_mobile&quot;:&quot;1&quot;,&quot;classic_row_gap&quot;:{&quot;unit&quot;:&quot;px&quot;,&quot;size&quot;:35,&quot;sizes&quot;:[]},&quot;classic_row_gap_tablet&quot;:{&quot;unit&quot;:&quot;px&quot;,&quot;size&quot;:&quot;&quot;,&quot;sizes&quot;:[]},&quot;classic_row_gap_mobile&quot;:{&quot;unit&quot;:&quot;px&quot;,&quot;size&quot;:&quot;&quot;,&quot;sizes&quot;:[]}}\" data-widget_type=\"posts.classic\">\n\t\t\t\t<div class=\"elementor-widget-container\">\n\t\t\t\t\t\t\t<div class=\"elementor-posts-container elementor-posts elementor-posts--skin-classic elementor-grid\">\n\t\t\t\t<article class=\"elementor-post elementor-grid-item post-2261 post type-post status-publish format-standard has-post-thumbnail hentry category-comunicados\">\n\t\t\t\t<a class=\"elementor-post__thumbnail__link\" href=\"https:\/\/www.sindiesp.org.br\/sindicato\/2026-2027-data-base-1o-de-marco-convencao-coletiva\/\" tabindex=\"-1\" >\n\t\t\t<div class=\"elementor-post__thumbnail\"><img loading=\"lazy\" decoding=\"async\" width=\"1536\" height=\"1024\" src=\"https:\/\/www.sindiesp.org.br\/sindicato\/wp-content\/uploads\/2026\/04\/2026-2027.webp\" class=\"attachment-1536x1536 size-1536x1536 wp-image-2262\" alt=\"\" srcset=\"https:\/\/www.sindiesp.org.br\/sindicato\/wp-content\/uploads\/2026\/04\/2026-2027.webp 1536w, https:\/\/www.sindiesp.org.br\/sindicato\/wp-content\/uploads\/2026\/04\/2026-2027-300x200.webp 300w, https:\/\/www.sindiesp.org.br\/sindicato\/wp-content\/uploads\/2026\/04\/2026-2027-1024x683.webp 1024w, https:\/\/www.sindiesp.org.br\/sindicato\/wp-content\/uploads\/2026\/04\/2026-2027-768x512.webp 768w\" sizes=\"(max-width: 1536px) 100vw, 1536px\" \/><\/div>\n\t\t<\/a>\n\t\t\t\t<div class=\"elementor-post__text\">\n\t\t\t\t<h3 class=\"elementor-post__title\">\n\t\t\t<a href=\"https:\/\/www.sindiesp.org.br\/sindicato\/2026-2027-data-base-1o-de-marco-convencao-coletiva\/\" >\n\t\t\t\tConven\u00e7\u00e3o Coletiva 2026\/2027 \u2013 Data Base: 1\u00ba DE Mar\u00e7o\t\t\t<\/a>\n\t\t<\/h3>\n\t\t\t\t\t<div class=\"elementor-post__read-more-wrapper\">\n\t\t\n\t\t<a class=\"elementor-post__read-more\" href=\"https:\/\/www.sindiesp.org.br\/sindicato\/2026-2027-data-base-1o-de-marco-convencao-coletiva\/\" aria-label=\"Leia mais sobre Conven\u00e7\u00e3o Coletiva 2026\/2027 \u2013 Data Base: 1\u00ba DE Mar\u00e7o\" tabindex=\"-1\" >\n\t\t\tSaiba mais \u2192\t\t<\/a>\n\n\t\t\t\t\t<\/div>\n\t\t\t\t<\/div>\n\t\t\t\t<\/article>\n\t\t\t\t<article class=\"elementor-post elementor-grid-item post-2006 post type-post status-publish format-standard has-post-thumbnail hentry category-comunicados\">\n\t\t\t\t<a class=\"elementor-post__thumbnail__link\" href=\"https:\/\/www.sindiesp.org.br\/sindicato\/convencao-coletiva-2025-2026-data-base-1o-de-maio\/\" tabindex=\"-1\" >\n\t\t\t<div class=\"elementor-post__thumbnail\"><img loading=\"lazy\" decoding=\"async\" width=\"1000\" height=\"645\" src=\"https:\/\/www.sindiesp.org.br\/sindicato\/wp-content\/uploads\/2025\/05\/banner-maio.webp\" class=\"attachment-1536x1536 size-1536x1536 wp-image-2011\" alt=\"\" srcset=\"https:\/\/www.sindiesp.org.br\/sindicato\/wp-content\/uploads\/2025\/05\/banner-maio.webp 1000w, https:\/\/www.sindiesp.org.br\/sindicato\/wp-content\/uploads\/2025\/05\/banner-maio-300x194.webp 300w, https:\/\/www.sindiesp.org.br\/sindicato\/wp-content\/uploads\/2025\/05\/banner-maio-768x495.webp 768w\" sizes=\"(max-width: 1000px) 100vw, 1000px\" \/><\/div>\n\t\t<\/a>\n\t\t\t\t<div class=\"elementor-post__text\">\n\t\t\t\t<h3 class=\"elementor-post__title\">\n\t\t\t<a href=\"https:\/\/www.sindiesp.org.br\/sindicato\/convencao-coletiva-2025-2026-data-base-1o-de-maio\/\" >\n\t\t\t\tCONVEN\u00c7\u00c3O COLETIVA 2025\/2026 \u2013 DATA BASE: 1\u00ba DE MAIO\t\t\t<\/a>\n\t\t<\/h3>\n\t\t\t\t\t<div class=\"elementor-post__read-more-wrapper\">\n\t\t\n\t\t<a class=\"elementor-post__read-more\" href=\"https:\/\/www.sindiesp.org.br\/sindicato\/convencao-coletiva-2025-2026-data-base-1o-de-maio\/\" aria-label=\"Leia mais sobre CONVEN\u00c7\u00c3O COLETIVA 2025\/2026 \u2013 DATA BASE: 1\u00ba DE MAIO\" tabindex=\"-1\" >\n\t\t\tSaiba mais \u2192\t\t<\/a>\n\n\t\t\t\t\t<\/div>\n\t\t\t\t<\/div>\n\t\t\t\t<\/article>\n\t\t\t\t<\/div>\n\t\t\n\t\t\t\t\t\t<\/div>\n\t\t\t\t<\/div>\n\t\t\t\t<\/div>\n\t\t<div class=\"elementor-element elementor-element-e116190 e-con-full e-flex e-con e-child\" data-id=\"e116190\" data-element_type=\"container\">\n\t\t\t\t<div class=\"elementor-element elementor-element-1d4150f elementor-grid-1 elementor-grid-tablet-1 elementor-grid-mobile-1 elementor-posts--thumbnail-top elementor-widget elementor-widget-posts\" data-id=\"1d4150f\" data-element_type=\"widget\" data-settings=\"{&quot;classic_columns&quot;:&quot;1&quot;,&quot;classic_columns_tablet&quot;:&quot;1&quot;,&quot;classic_columns_mobile&quot;:&quot;1&quot;,&quot;classic_row_gap&quot;:{&quot;unit&quot;:&quot;px&quot;,&quot;size&quot;:35,&quot;sizes&quot;:[]},&quot;classic_row_gap_tablet&quot;:{&quot;unit&quot;:&quot;px&quot;,&quot;size&quot;:&quot;&quot;,&quot;sizes&quot;:[]},&quot;classic_row_gap_mobile&quot;:{&quot;unit&quot;:&quot;px&quot;,&quot;size&quot;:&quot;&quot;,&quot;sizes&quot;:[]}}\" data-widget_type=\"posts.classic\">\n\t\t\t\t<div class=\"elementor-widget-container\">\n\t\t\t\t\t\t\t<div class=\"elementor-posts-container elementor-posts elementor-posts--skin-classic elementor-grid\">\n\t\t\t\t<article class=\"elementor-post elementor-grid-item post-622 post type-post status-publish format-standard has-post-thumbnail hentry category-comunicados tag-destaque\">\n\t\t\t\t<a class=\"elementor-post__thumbnail__link\" href=\"https:\/\/www.sindiesp.org.br\/sindicato\/cct-janeiro-2024\/\" tabindex=\"-1\" >\n\t\t\t<div class=\"elementor-post__thumbnail\"><img loading=\"lazy\" decoding=\"async\" width=\"372\" height=\"210\" src=\"https:\/\/www.sindiesp.org.br\/sindicato\/wp-content\/uploads\/2025\/02\/reajuste-salario-vr.jpg\" class=\"attachment-1536x1536 size-1536x1536 wp-image-847\" alt=\"\" srcset=\"https:\/\/www.sindiesp.org.br\/sindicato\/wp-content\/uploads\/2025\/02\/reajuste-salario-vr.jpg 372w, https:\/\/www.sindiesp.org.br\/sindicato\/wp-content\/uploads\/2025\/02\/reajuste-salario-vr-300x169.jpg 300w\" sizes=\"(max-width: 372px) 100vw, 372px\" \/><\/div>\n\t\t<\/a>\n\t\t\t\t<div class=\"elementor-post__text\">\n\t\t\t\t<h3 class=\"elementor-post__title\">\n\t\t\t<a href=\"https:\/\/www.sindiesp.org.br\/sindicato\/cct-janeiro-2024\/\" >\n\t\t\t\tConven\u00e7\u00e3o Coletiva 2024\/2025 &#8211; 1\u00ba de janeiro com Reajuste Salarial e de VA\/VR\t\t\t<\/a>\n\t\t<\/h3>\n\t\t\t\t\t<div class=\"elementor-post__read-more-wrapper\">\n\t\t\n\t\t<a class=\"elementor-post__read-more\" href=\"https:\/\/www.sindiesp.org.br\/sindicato\/cct-janeiro-2024\/\" aria-label=\"Leia mais sobre Conven\u00e7\u00e3o Coletiva 2024\/2025 &#8211; 1\u00ba de janeiro com Reajuste Salarial e de VA\/VR\" tabindex=\"-1\" >\n\t\t\tSaiba mais \u2192\t\t<\/a>\n\n\t\t\t\t\t<\/div>\n\t\t\t\t<\/div>\n\t\t\t\t<\/article>\n\t\t\t\t<\/div>\n\t\t\n\t\t\t\t\t\t<\/div>\n\t\t\t\t<\/div>\n\t\t\t\t<\/div>\n\t\t<div class=\"elementor-element elementor-element-302ee5d e-con-full e-flex e-con e-child\" data-id=\"302ee5d\" data-element_type=\"container\">\n\t\t\t\t<div class=\"elementor-element elementor-element-5397a54 elementor-grid-1 elementor-grid-tablet-1 elementor-grid-mobile-1 elementor-posts--thumbnail-top elementor-widget elementor-widget-posts\" data-id=\"5397a54\" data-element_type=\"widget\" data-settings=\"{&quot;classic_columns&quot;:&quot;1&quot;,&quot;classic_columns_tablet&quot;:&quot;1&quot;,&quot;classic_columns_mobile&quot;:&quot;1&quot;,&quot;classic_row_gap&quot;:{&quot;unit&quot;:&quot;px&quot;,&quot;size&quot;:35,&quot;sizes&quot;:[]},&quot;classic_row_gap_tablet&quot;:{&quot;unit&quot;:&quot;px&quot;,&quot;size&quot;:&quot;&quot;,&quot;sizes&quot;:[]},&quot;classic_row_gap_mobile&quot;:{&quot;unit&quot;:&quot;px&quot;,&quot;size&quot;:&quot;&quot;,&quot;sizes&quot;:[]}}\" data-widget_type=\"posts.classic\">\n\t\t\t\t<div class=\"elementor-widget-container\">\n\t\t\t\t\t\t\t<div class=\"elementor-posts-container elementor-posts elementor-posts--skin-classic elementor-grid\">\n\t\t\t\t<article class=\"elementor-post elementor-grid-item post-608 post type-post status-publish format-standard has-post-thumbnail hentry category-comunicados\">\n\t\t\t\t<a class=\"elementor-post__thumbnail__link\" href=\"https:\/\/www.sindiesp.org.br\/sindicato\/nota-de-repudio\/\" tabindex=\"-1\" >\n\t\t\t<div class=\"elementor-post__thumbnail\"><img loading=\"lazy\" decoding=\"async\" width=\"373\" height=\"210\" src=\"https:\/\/www.sindiesp.org.br\/sindicato\/wp-content\/uploads\/2025\/02\/notarepudio-sindiesp.jpg\" class=\"attachment-1536x1536 size-1536x1536 wp-image-843\" alt=\"\" srcset=\"https:\/\/www.sindiesp.org.br\/sindicato\/wp-content\/uploads\/2025\/02\/notarepudio-sindiesp.jpg 373w, https:\/\/www.sindiesp.org.br\/sindicato\/wp-content\/uploads\/2025\/02\/notarepudio-sindiesp-300x169.jpg 300w\" sizes=\"(max-width: 373px) 100vw, 373px\" \/><\/div>\n\t\t<\/a>\n\t\t\t\t<div class=\"elementor-post__text\">\n\t\t\t\t<h3 class=\"elementor-post__title\">\n\t\t\t<a href=\"https:\/\/www.sindiesp.org.br\/sindicato\/nota-de-repudio\/\" >\n\t\t\t\tNota de Rep\u00fadio\t\t\t<\/a>\n\t\t<\/h3>\n\t\t\t\t\t<div class=\"elementor-post__read-more-wrapper\">\n\t\t\n\t\t<a class=\"elementor-post__read-more\" href=\"https:\/\/www.sindiesp.org.br\/sindicato\/nota-de-repudio\/\" aria-label=\"Leia mais sobre Nota de Rep\u00fadio\" tabindex=\"-1\" >\n\t\t\tSaiba mais \u2192\t\t<\/a>\n\n\t\t\t\t\t<\/div>\n\t\t\t\t<\/div>\n\t\t\t\t<\/article>\n\t\t\t\t<article class=\"elementor-post elementor-grid-item post-857 post type-post status-publish format-standard has-post-thumbnail hentry category-comunicados\">\n\t\t\t\t<a class=\"elementor-post__thumbnail__link\" href=\"https:\/\/www.sindiesp.org.br\/sindicato\/convencao-salarial-2022-2023-1o-de-marco\/\" tabindex=\"-1\" >\n\t\t\t<div class=\"elementor-post__thumbnail\"><img loading=\"lazy\" decoding=\"async\" width=\"372\" height=\"210\" src=\"https:\/\/www.sindiesp.org.br\/sindicato\/wp-content\/uploads\/2025\/02\/2022-2023.png\" class=\"attachment-1536x1536 size-1536x1536 wp-image-858\" alt=\"\" srcset=\"https:\/\/www.sindiesp.org.br\/sindicato\/wp-content\/uploads\/2025\/02\/2022-2023.png 372w, https:\/\/www.sindiesp.org.br\/sindicato\/wp-content\/uploads\/2025\/02\/2022-2023-300x169.png 300w\" sizes=\"(max-width: 372px) 100vw, 372px\" \/><\/div>\n\t\t<\/a>\n\t\t\t\t<div class=\"elementor-post__text\">\n\t\t\t\t<h3 class=\"elementor-post__title\">\n\t\t\t<a href=\"https:\/\/www.sindiesp.org.br\/sindicato\/convencao-salarial-2022-2023-1o-de-marco\/\" >\n\t\t\t\tConven\u00e7\u00e3o Salarial 2022\/2023 &#8211; 1\u00ba de mar\u00e7o\t\t\t<\/a>\n\t\t<\/h3>\n\t\t\t\t\t<div class=\"elementor-post__read-more-wrapper\">\n\t\t\n\t\t<a class=\"elementor-post__read-more\" href=\"https:\/\/www.sindiesp.org.br\/sindicato\/convencao-salarial-2022-2023-1o-de-marco\/\" aria-label=\"Leia mais sobre Conven\u00e7\u00e3o Salarial 2022\/2023 &#8211; 1\u00ba de mar\u00e7o\" tabindex=\"-1\" >\n\t\t\tSaiba mais \u2192\t\t<\/a>\n\n\t\t\t\t\t<\/div>\n\t\t\t\t<\/div>\n\t\t\t\t<\/article>\n\t\t\t\t<\/div>\n\t\t\n\t\t\t\t\t\t<\/div>\n\t\t\t\t<\/div>\n\t\t\t\t<\/div>\n\t\t\t\t<\/div>\n\t\t\t\t<\/div>\n\t\t\t\t<div class=\"elementor-element elementor-element-9e2261c elementor-align-center elementor-widget elementor-widget-button\" data-id=\"9e2261c\" data-element_type=\"widget\" data-widget_type=\"button.default\">\n\t\t\t\t\t\t\t\t\t\t<a class=\"elementor-button elementor-button-link elementor-size-sm\" href=\"https:\/\/www.sindiesp.org.br\/sindicato\/comunicados\/\">\n\t\t\t\t\t\t<span class=\"elementor-button-content-wrapper\">\n\t\t\t\t\t\t\t\t\t<span class=\"elementor-button-text\">Veja todos<\/span>\n\t\t\t\t\t<\/span>\n\t\t\t\t\t<\/a>\n\t\t\t\t\t\t\t\t<\/div>\n\t\t\t\t\t<\/div>\n\t\t\t\t<\/div>\n\t\t<div class=\"elementor-element elementor-element-281b453 e-flex e-con-boxed e-con e-parent\" data-id=\"281b453\" data-element_type=\"container\" data-settings=\"{&quot;background_background&quot;:&quot;gradient&quot;}\">\n\t\t\t\t\t<div class=\"e-con-inner\">\n\t\t<div class=\"elementor-element elementor-element-0ea347f e-con-full e-flex e-con e-child\" data-id=\"0ea347f\" data-element_type=\"container\">\n\t\t<div class=\"elementor-element elementor-element-3011745 e-con-full e-flex e-con e-child\" data-id=\"3011745\" data-element_type=\"container\" data-settings=\"{&quot;background_background&quot;:&quot;classic&quot;}\">\n\t\t\t\t<div class=\"elementor-element elementor-element-5c2b23f elementor-widget elementor-widget-heading\" data-id=\"5c2b23f\" data-element_type=\"widget\" data-widget_type=\"heading.default\">\n\t\t\t\t\t<h2 class=\"elementor-heading-title elementor-size-default\">V\u00cdDEOS<\/h2>\t\t\t\t<\/div>\n\t\t\t\t<\/div>\n\t\t\t\t<\/div>\n\t\t<div class=\"elementor-element elementor-element-731865c e-con-full e-flex e-con e-child\" data-id=\"731865c\" data-element_type=\"container\">\n\t\t<div class=\"elementor-element elementor-element-0ffa7e3 e-con-full e-flex e-con e-child\" data-id=\"0ffa7e3\" data-element_type=\"container\">\n\t\t\t\t<div class=\"elementor-element elementor-element-564d878 elementor-widget elementor-widget-video\" data-id=\"564d878\" data-element_type=\"widget\" data-settings=\"{&quot;youtube_url&quot;:&quot;https:\\\/\\\/www.youtube.com\\\/watch?v=hBuRJ68103w&quot;,&quot;show_image_overlay&quot;:&quot;yes&quot;,&quot;image_overlay&quot;:{&quot;url&quot;:&quot;https:\\\/\\\/www.sindiesp.org.br\\\/sindicato\\\/wp-content\\\/uploads\\\/2025\\\/03\\\/sind-capa.webp&quot;,&quot;id&quot;:1902,&quot;size&quot;:&quot;&quot;,&quot;alt&quot;:&quot;&quot;,&quot;source&quot;:&quot;library&quot;},&quot;video_type&quot;:&quot;youtube&quot;,&quot;controls&quot;:&quot;yes&quot;}\" data-widget_type=\"video.default\">\n\t\t\t\t\t\t\t<div class=\"elementor-wrapper elementor-open-inline\">\n\t\t\t<div class=\"elementor-video\"><\/div>\t\t\t\t<div class=\"elementor-custom-embed-image-overlay\" style=\"background-image: url(https:\/\/www.sindiesp.org.br\/sindicato\/wp-content\/uploads\/2025\/03\/sind-capa.webp);\">\n\t\t\t\t\t\t\t\t\t\t\t\t\t\t\t\t<div class=\"elementor-custom-embed-play\" role=\"button\" aria-label=\"Reproduzir v\u00eddeo\" tabindex=\"0\">\n\t\t\t\t\t\t\t<svg xmlns=\"http:\/\/www.w3.org\/2000\/svg\" width=\"71\" height=\"76\" viewBox=\"0 0 71 76\" fill=\"none\"><g clip-path=\"url(#clip0_238_1508)\"><path d=\"M60.6603 64.6805C74.5218 49.978 74.5218 26.1406 60.6603 11.4381C46.7988 -3.26435 24.3248 -3.26435 10.4633 11.4381C-3.39824 26.1406 -3.39824 49.978 10.4633 64.6805C24.3248 79.383 46.7988 79.383 60.6603 64.6805Z\" fill=\"#2497F3\"><\/path><path fill-rule=\"evenodd\" clip-rule=\"evenodd\" d=\"M53.1876 34.7102L29.2182 20.0325C28.6639 19.6935 28.0354 19.515 27.3955 19.5151C26.7557 19.5152 26.1272 19.6939 25.573 20.0331C25.0189 20.3723 24.5586 20.8602 24.2384 21.4477C23.9183 22.0353 23.7495 22.7019 23.749 23.3805V52.7387C23.7453 53.4182 23.9121 54.0865 24.2323 54.675C24.5525 55.2636 25.0146 55.7512 25.5711 56.0878C26.1244 56.4307 26.7538 56.6114 27.3946 56.6114C28.0355 56.6114 28.6648 56.4307 29.2182 56.0878L53.1876 41.4087C53.7416 41.0691 54.2016 40.5808 54.5214 39.9929C54.8412 39.4051 55.0096 38.7383 55.0096 38.0596C55.0096 37.3809 54.8412 36.7141 54.5214 36.1262C54.2016 35.5384 53.7416 35.0501 53.1876 34.7104V34.7102Z\" fill=\"white\"><\/path><\/g><defs><clipPath id=\"clip0_238_1508\"><rect width=\"71\" height=\"75.3075\" fill=\"white\" transform=\"translate(0 0.405762)\"><\/rect><\/clipPath><\/defs><\/svg>\t\t\t\t\t\t<\/div>\n\t\t\t\t\t\t\t\t\t<\/div>\n\t\t\t\t\t<\/div>\n\t\t\t\t\t\t<\/div>\n\t\t\t\t<div class=\"elementor-element elementor-element-d5a17a5 elementor-widget elementor-widget-heading\" data-id=\"d5a17a5\" data-element_type=\"widget\" data-widget_type=\"heading.default\">\n\t\t\t\t\t<h2 class=\"elementor-heading-title elementor-size-default\"><strong>V\u00cdDEO:<\/strong> Prazer, somos o Sindiesp!<\/h2>\t\t\t\t<\/div>\n\t\t\t\t<div class=\"elementor-element elementor-element-6088eae elementor-widget elementor-widget-heading\" data-id=\"6088eae\" data-element_type=\"widget\" data-widget_type=\"heading.default\">\n\t\t\t\t\t<h2 class=\"elementor-heading-title elementor-size-default\"><a href=\"https:\/\/www.youtube.com\/watch?v=hBuRJ68103w\" target=\"_blank\">Saiba mais \u2192<\/a><\/h2>\t\t\t\t<\/div>\n\t\t\t\t<\/div>\n\t\t<div class=\"elementor-element elementor-element-0dfc99f e-con-full e-flex e-con e-child\" data-id=\"0dfc99f\" data-element_type=\"container\">\n\t\t\t\t<div class=\"elementor-element elementor-element-886ec37 elementor-widget elementor-widget-video\" data-id=\"886ec37\" data-element_type=\"widget\" data-settings=\"{&quot;youtube_url&quot;:&quot;https:\\\/\\\/www.youtube.com\\\/watch?v=I_rVy61ExGY&quot;,&quot;show_image_overlay&quot;:&quot;yes&quot;,&quot;image_overlay&quot;:{&quot;url&quot;:&quot;https:\\\/\\\/www.sindiesp.org.br\\\/sindicato\\\/wp-content\\\/uploads\\\/2025\\\/03\\\/sindiespsp.jpg&quot;,&quot;id&quot;:1940,&quot;size&quot;:&quot;&quot;,&quot;alt&quot;:&quot;&quot;,&quot;source&quot;:&quot;library&quot;},&quot;video_type&quot;:&quot;youtube&quot;,&quot;controls&quot;:&quot;yes&quot;}\" data-widget_type=\"video.default\">\n\t\t\t\t\t\t\t<div class=\"elementor-wrapper elementor-open-inline\">\n\t\t\t<div class=\"elementor-video\"><\/div>\t\t\t\t<div class=\"elementor-custom-embed-image-overlay\" style=\"background-image: url(https:\/\/www.sindiesp.org.br\/sindicato\/wp-content\/uploads\/2025\/03\/sindiespsp.jpg);\">\n\t\t\t\t\t\t\t\t\t\t\t\t\t\t\t\t<div class=\"elementor-custom-embed-play\" role=\"button\" aria-label=\"Reproduzir v\u00eddeo\" tabindex=\"0\">\n\t\t\t\t\t\t\t<svg xmlns=\"http:\/\/www.w3.org\/2000\/svg\" width=\"71\" height=\"76\" viewBox=\"0 0 71 76\" fill=\"none\"><g clip-path=\"url(#clip0_238_1508)\"><path d=\"M60.6603 64.6805C74.5218 49.978 74.5218 26.1406 60.6603 11.4381C46.7988 -3.26435 24.3248 -3.26435 10.4633 11.4381C-3.39824 26.1406 -3.39824 49.978 10.4633 64.6805C24.3248 79.383 46.7988 79.383 60.6603 64.6805Z\" fill=\"#2497F3\"><\/path><path fill-rule=\"evenodd\" clip-rule=\"evenodd\" d=\"M53.1876 34.7102L29.2182 20.0325C28.6639 19.6935 28.0354 19.515 27.3955 19.5151C26.7557 19.5152 26.1272 19.6939 25.573 20.0331C25.0189 20.3723 24.5586 20.8602 24.2384 21.4477C23.9183 22.0353 23.7495 22.7019 23.749 23.3805V52.7387C23.7453 53.4182 23.9121 54.0865 24.2323 54.675C24.5525 55.2636 25.0146 55.7512 25.5711 56.0878C26.1244 56.4307 26.7538 56.6114 27.3946 56.6114C28.0355 56.6114 28.6648 56.4307 29.2182 56.0878L53.1876 41.4087C53.7416 41.0691 54.2016 40.5808 54.5214 39.9929C54.8412 39.4051 55.0096 38.7383 55.0096 38.0596C55.0096 37.3809 54.8412 36.7141 54.5214 36.1262C54.2016 35.5384 53.7416 35.0501 53.1876 34.7104V34.7102Z\" fill=\"white\"><\/path><\/g><defs><clipPath id=\"clip0_238_1508\"><rect width=\"71\" height=\"75.3075\" fill=\"white\" transform=\"translate(0 0.405762)\"><\/rect><\/clipPath><\/defs><\/svg>\t\t\t\t\t\t<\/div>\n\t\t\t\t\t\t\t\t\t<\/div>\n\t\t\t\t\t<\/div>\n\t\t\t\t\t\t<\/div>\n\t\t\t\t<div class=\"elementor-element elementor-element-ba5ba8f elementor-widget elementor-widget-heading\" data-id=\"ba5ba8f\" data-element_type=\"widget\" data-widget_type=\"heading.default\">\n\t\t\t\t\t<h2 class=\"elementor-heading-title elementor-size-default\"><strong>V\u00cdDEO:<\/strong> Estreia da Webs\u00e9rie \"Nossos Valores\" | Sindicaliza\u00e7\u00e3o\n<\/h2>\t\t\t\t<\/div>\n\t\t\t\t<div class=\"elementor-element elementor-element-bb37e05 elementor-widget elementor-widget-heading\" data-id=\"bb37e05\" data-element_type=\"widget\" data-widget_type=\"heading.default\">\n\t\t\t\t\t<h2 class=\"elementor-heading-title elementor-size-default\"><a href=\"https:\/\/www.youtube.com\/watch?v=I_rVy61ExGY\" target=\"_blank\">Saiba mais \u2192<\/a><\/h2>\t\t\t\t<\/div>\n\t\t\t\t<div class=\"elementor-element elementor-element-38a51a9 elementor-widget elementor-widget-video\" data-id=\"38a51a9\" data-element_type=\"widget\" data-settings=\"{&quot;youtube_url&quot;:&quot;https:\\\/\\\/www.youtube.com\\\/watch?v=ChxnyOLp2nY&quot;,&quot;show_image_overlay&quot;:&quot;yes&quot;,&quot;image_overlay&quot;:{&quot;url&quot;:&quot;https:\\\/\\\/www.sindiesp.org.br\\\/sindicato\\\/wp-content\\\/uploads\\\/2025\\\/03\\\/sindiespsp2.jpg&quot;,&quot;id&quot;:1942,&quot;size&quot;:&quot;&quot;,&quot;alt&quot;:&quot;&quot;,&quot;source&quot;:&quot;library&quot;},&quot;video_type&quot;:&quot;youtube&quot;,&quot;controls&quot;:&quot;yes&quot;}\" data-widget_type=\"video.default\">\n\t\t\t\t\t\t\t<div class=\"elementor-wrapper elementor-open-inline\">\n\t\t\t<div class=\"elementor-video\"><\/div>\t\t\t\t<div class=\"elementor-custom-embed-image-overlay\" style=\"background-image: url(https:\/\/www.sindiesp.org.br\/sindicato\/wp-content\/uploads\/2025\/03\/sindiespsp2.jpg);\">\n\t\t\t\t\t\t\t\t\t\t\t\t\t\t\t\t<div class=\"elementor-custom-embed-play\" role=\"button\" aria-label=\"Reproduzir v\u00eddeo\" tabindex=\"0\">\n\t\t\t\t\t\t\t<svg xmlns=\"http:\/\/www.w3.org\/2000\/svg\" width=\"71\" height=\"76\" viewBox=\"0 0 71 76\" fill=\"none\"><g clip-path=\"url(#clip0_238_1508)\"><path d=\"M60.6603 64.6805C74.5218 49.978 74.5218 26.1406 60.6603 11.4381C46.7988 -3.26435 24.3248 -3.26435 10.4633 11.4381C-3.39824 26.1406 -3.39824 49.978 10.4633 64.6805C24.3248 79.383 46.7988 79.383 60.6603 64.6805Z\" fill=\"#2497F3\"><\/path><path fill-rule=\"evenodd\" clip-rule=\"evenodd\" d=\"M53.1876 34.7102L29.2182 20.0325C28.6639 19.6935 28.0354 19.515 27.3955 19.5151C26.7557 19.5152 26.1272 19.6939 25.573 20.0331C25.0189 20.3723 24.5586 20.8602 24.2384 21.4477C23.9183 22.0353 23.7495 22.7019 23.749 23.3805V52.7387C23.7453 53.4182 23.9121 54.0865 24.2323 54.675C24.5525 55.2636 25.0146 55.7512 25.5711 56.0878C26.1244 56.4307 26.7538 56.6114 27.3946 56.6114C28.0355 56.6114 28.6648 56.4307 29.2182 56.0878L53.1876 41.4087C53.7416 41.0691 54.2016 40.5808 54.5214 39.9929C54.8412 39.4051 55.0096 38.7383 55.0096 38.0596C55.0096 37.3809 54.8412 36.7141 54.5214 36.1262C54.2016 35.5384 53.7416 35.0501 53.1876 34.7104V34.7102Z\" fill=\"white\"><\/path><\/g><defs><clipPath id=\"clip0_238_1508\"><rect width=\"71\" height=\"75.3075\" fill=\"white\" transform=\"translate(0 0.405762)\"><\/rect><\/clipPath><\/defs><\/svg>\t\t\t\t\t\t<\/div>\n\t\t\t\t\t\t\t\t\t<\/div>\n\t\t\t\t\t<\/div>\n\t\t\t\t\t\t<\/div>\n\t\t\t\t<div class=\"elementor-element elementor-element-eb0890d elementor-widget elementor-widget-heading\" data-id=\"eb0890d\" data-element_type=\"widget\" data-widget_type=\"heading.default\">\n\t\t\t\t\t<h2 class=\"elementor-heading-title elementor-size-default\"><strong>V\u00cdDEO: <\/strong>Estreia da Webs\u00e9rie \"Nossos Valores\" | Representatividade\n<\/h2>\t\t\t\t<\/div>\n\t\t\t\t<div class=\"elementor-element elementor-element-752391f elementor-widget elementor-widget-heading\" data-id=\"752391f\" data-element_type=\"widget\" data-widget_type=\"heading.default\">\n\t\t\t\t\t<h2 class=\"elementor-heading-title elementor-size-default\"><a href=\"https:\/\/www.youtube.com\/watch?v=ChxnyOLp2nY\" target=\"_blank\">Saiba mais \u2192<\/a><\/h2>\t\t\t\t<\/div>\n\t\t\t\t<\/div>\n\t\t\t\t<\/div>\n\t\t<div class=\"elementor-element elementor-element-b58a371 e-con-full e-flex e-con e-child\" data-id=\"b58a371\" data-element_type=\"container\">\n\t\t\t\t<div class=\"elementor-element elementor-element-3389fb7 elementor-align-center elementor-widget__width-inherit elementor-widget elementor-widget-button\" data-id=\"3389fb7\" data-element_type=\"widget\" data-widget_type=\"button.default\">\n\t\t\t\t\t\t\t\t\t\t<a class=\"elementor-button elementor-button-link elementor-size-sm\" href=\"https:\/\/www.youtube.com\/@sindiespsindicato\" target=\"_blank\">\n\t\t\t\t\t\t<span class=\"elementor-button-content-wrapper\">\n\t\t\t\t\t\t\t\t\t<span class=\"elementor-button-text\">Veja todos<\/span>\n\t\t\t\t\t<\/span>\n\t\t\t\t\t<\/a>\n\t\t\t\t\t\t\t\t<\/div>\n\t\t\t\t<\/div>\n\t\t\t\t\t<\/div>\n\t\t\t\t<\/div>\n\t\t<div class=\"elementor-element elementor-element-2df13d7 e-flex e-con-boxed e-con e-parent\" data-id=\"2df13d7\" data-element_type=\"container\">\n\t\t\t\t\t<div class=\"e-con-inner\">\n\t\t<div class=\"elementor-element elementor-element-7a78cb9 e-con-full e-flex e-con e-child\" data-id=\"7a78cb9\" data-element_type=\"container\" data-settings=\"{&quot;background_background&quot;:&quot;classic&quot;}\">\n\t\t\t\t<div class=\"elementor-element elementor-element-533a1c3 elementor-widget elementor-widget-heading\" data-id=\"533a1c3\" data-element_type=\"widget\" data-widget_type=\"heading.default\">\n\t\t\t\t\t<h2 class=\"elementor-heading-title elementor-size-default\">CONHE\u00c7A O NOSSO CLUBE DE<\/h2>\t\t\t\t<\/div>\n\t\t\t\t<div class=\"elementor-element elementor-element-32f0d30 elementor-widget elementor-widget-heading\" data-id=\"32f0d30\" data-element_type=\"widget\" data-widget_type=\"heading.default\">\n\t\t\t\t\t<h2 class=\"elementor-heading-title elementor-size-default\">BENEF\u00cdCIOS<\/h2>\t\t\t\t<\/div>\n\t\t\t\t<div class=\"elementor-element elementor-element-914126b elementor-align-left elementor-widget elementor-widget-button\" data-id=\"914126b\" data-element_type=\"widget\" data-widget_type=\"button.default\">\n\t\t\t\t\t\t\t\t\t\t<a class=\"elementor-button elementor-button-link elementor-size-sm\" href=\"https:\/\/rede.clubedobeneficio.com.br\/sindiesp\/\" target=\"_blank\">\n\t\t\t\t\t\t<span class=\"elementor-button-content-wrapper\">\n\t\t\t\t\t\t\t\t\t<span class=\"elementor-button-text\">ACESSE E SAIBA MAIS<\/span>\n\t\t\t\t\t<\/span>\n\t\t\t\t\t<\/a>\n\t\t\t\t\t\t\t\t<\/div>\n\t\t\t\t<\/div>\n\t\t\t\t\t<\/div>\n\t\t\t\t<\/div>\n\t\t<div class=\"elementor-element elementor-element-bceddae e-flex e-con-boxed e-con e-parent\" data-id=\"bceddae\" data-element_type=\"container\">\n\t\t\t\t\t<div class=\"e-con-inner\">\n\t\t<div class=\"elementor-element elementor-element-fb83682 e-con-full e-flex e-con e-child\" data-id=\"fb83682\" data-element_type=\"container\" data-settings=\"{&quot;background_background&quot;:&quot;gradient&quot;}\">\n\t\t\t\t<div class=\"elementor-element elementor-element-d6d0bd2 elementor-widget elementor-widget-heading\" data-id=\"d6d0bd2\" data-element_type=\"widget\" data-widget_type=\"heading.default\">\n\t\t\t\t\t<h2 class=\"elementor-heading-title elementor-size-default\">Not\u00edcias<\/h2>\t\t\t\t<\/div>\n\t\t\t\t<\/div>\n\t\t\t\t\t<\/div>\n\t\t\t\t<\/div>\n\t\t<div class=\"elementor-element elementor-element-aab98dd e-flex e-con-boxed e-con e-parent\" data-id=\"aab98dd\" data-element_type=\"container\">\n\t\t\t\t\t<div class=\"e-con-inner\">\n\t\t<div class=\"elementor-element elementor-element-9294319 e-con-full e-flex e-con e-child\" data-id=\"9294319\" data-element_type=\"container\">\n\t\t\t\t<div class=\"elementor-element elementor-element-c73c09f elementor-grid-tablet-3 elementor-grid-3 elementor-grid-mobile-1 elementor-posts--thumbnail-top elementor-widget elementor-widget-posts\" data-id=\"c73c09f\" data-element_type=\"widget\" data-settings=\"{&quot;classic_columns_tablet&quot;:&quot;3&quot;,&quot;classic_columns&quot;:&quot;3&quot;,&quot;classic_columns_mobile&quot;:&quot;1&quot;,&quot;classic_row_gap&quot;:{&quot;unit&quot;:&quot;px&quot;,&quot;size&quot;:35,&quot;sizes&quot;:[]},&quot;classic_row_gap_tablet&quot;:{&quot;unit&quot;:&quot;px&quot;,&quot;size&quot;:&quot;&quot;,&quot;sizes&quot;:[]},&quot;classic_row_gap_mobile&quot;:{&quot;unit&quot;:&quot;px&quot;,&quot;size&quot;:&quot;&quot;,&quot;sizes&quot;:[]}}\" data-widget_type=\"posts.classic\">\n\t\t\t\t<div class=\"elementor-widget-container\">\n\t\t\t\t\t\t\t<div class=\"elementor-posts-container elementor-posts elementor-posts--skin-classic elementor-grid\">\n\t\t\t\t<article class=\"elementor-post elementor-grid-item post-2219 post type-post status-publish format-standard has-post-thumbnail hentry category-noticias\">\n\t\t\t\t<a class=\"elementor-post__thumbnail__link\" href=\"https:\/\/www.sindiesp.org.br\/sindicato\/palavra-do-presidente-seguranca-e-saude-no-trabalho-como-compromisso-permanente\/\" tabindex=\"-1\" >\n\t\t\t<div class=\"elementor-post__thumbnail\"><img loading=\"lazy\" decoding=\"async\" width=\"1536\" height=\"865\" src=\"https:\/\/www.sindiesp.org.br\/sindicato\/wp-content\/uploads\/2026\/04\/capa-blog-2804.jpg-1536x865.jpeg\" class=\"attachment-1536x1536 size-1536x1536 wp-image-2220\" alt=\"\" srcset=\"https:\/\/www.sindiesp.org.br\/sindicato\/wp-content\/uploads\/2026\/04\/capa-blog-2804.jpg-1536x865.jpeg 1536w, https:\/\/www.sindiesp.org.br\/sindicato\/wp-content\/uploads\/2026\/04\/capa-blog-2804.jpg-300x169.jpeg 300w, https:\/\/www.sindiesp.org.br\/sindicato\/wp-content\/uploads\/2026\/04\/capa-blog-2804.jpg-1024x577.jpeg 1024w, https:\/\/www.sindiesp.org.br\/sindicato\/wp-content\/uploads\/2026\/04\/capa-blog-2804.jpg-768x432.jpeg 768w, https:\/\/www.sindiesp.org.br\/sindicato\/wp-content\/uploads\/2026\/04\/capa-blog-2804.jpg.jpeg 1600w\" sizes=\"(max-width: 1536px) 100vw, 1536px\" \/><\/div>\n\t\t<\/a>\n\t\t\t\t<div class=\"elementor-post__text\">\n\t\t\t\t<h3 class=\"elementor-post__title\">\n\t\t\t<a href=\"https:\/\/www.sindiesp.org.br\/sindicato\/palavra-do-presidente-seguranca-e-saude-no-trabalho-como-compromisso-permanente\/\" >\n\t\t\t\tPalavra do Presidente: seguran\u00e7a e sa\u00fade no trabalho como compromisso permanente\t\t\t<\/a>\n\t\t<\/h3>\n\t\t\t\t\t<div class=\"elementor-post__read-more-wrapper\">\n\t\t\n\t\t<a class=\"elementor-post__read-more\" href=\"https:\/\/www.sindiesp.org.br\/sindicato\/palavra-do-presidente-seguranca-e-saude-no-trabalho-como-compromisso-permanente\/\" aria-label=\"Leia mais sobre Palavra do Presidente: seguran\u00e7a e sa\u00fade no trabalho como compromisso permanente\" tabindex=\"-1\" >\n\t\t\tSaiba mais \u2192\t\t<\/a>\n\n\t\t\t\t\t<\/div>\n\t\t\t\t<\/div>\n\t\t\t\t<\/article>\n\t\t\t\t<article class=\"elementor-post elementor-grid-item post-2214 post type-post status-publish format-standard has-post-thumbnail hentry category-noticias\">\n\t\t\t\t<a class=\"elementor-post__thumbnail__link\" href=\"https:\/\/www.sindiesp.org.br\/sindicato\/convencoes-coletivas-protegem-a-categoria\/\" tabindex=\"-1\" >\n\t\t\t<div class=\"elementor-post__thumbnail\"><img loading=\"lazy\" decoding=\"async\" width=\"1536\" height=\"865\" src=\"https:\/\/www.sindiesp.org.br\/sindicato\/wp-content\/uploads\/2026\/04\/blog-convencoes-coletivas-categoria-1536x865.jpeg\" class=\"attachment-1536x1536 size-1536x1536 wp-image-2215\" alt=\"\" srcset=\"https:\/\/www.sindiesp.org.br\/sindicato\/wp-content\/uploads\/2026\/04\/blog-convencoes-coletivas-categoria-1536x865.jpeg 1536w, https:\/\/www.sindiesp.org.br\/sindicato\/wp-content\/uploads\/2026\/04\/blog-convencoes-coletivas-categoria-300x169.jpeg 300w, https:\/\/www.sindiesp.org.br\/sindicato\/wp-content\/uploads\/2026\/04\/blog-convencoes-coletivas-categoria-1024x577.jpeg 1024w, https:\/\/www.sindiesp.org.br\/sindicato\/wp-content\/uploads\/2026\/04\/blog-convencoes-coletivas-categoria-768x432.jpeg 768w, https:\/\/www.sindiesp.org.br\/sindicato\/wp-content\/uploads\/2026\/04\/blog-convencoes-coletivas-categoria.jpeg 1600w\" sizes=\"(max-width: 1536px) 100vw, 1536px\" \/><\/div>\n\t\t<\/a>\n\t\t\t\t<div class=\"elementor-post__text\">\n\t\t\t\t<h3 class=\"elementor-post__title\">\n\t\t\t<a href=\"https:\/\/www.sindiesp.org.br\/sindicato\/convencoes-coletivas-protegem-a-categoria\/\" >\n\t\t\t\tConven\u00e7\u00f5es coletivas protegem a categoria\t\t\t<\/a>\n\t\t<\/h3>\n\t\t\t\t\t<div class=\"elementor-post__read-more-wrapper\">\n\t\t\n\t\t<a class=\"elementor-post__read-more\" href=\"https:\/\/www.sindiesp.org.br\/sindicato\/convencoes-coletivas-protegem-a-categoria\/\" aria-label=\"Leia mais sobre Conven\u00e7\u00f5es coletivas protegem a categoria\" tabindex=\"-1\" >\n\t\t\tSaiba mais \u2192\t\t<\/a>\n\n\t\t\t\t\t<\/div>\n\t\t\t\t<\/div>\n\t\t\t\t<\/article>\n\t\t\t\t<article class=\"elementor-post elementor-grid-item post-2179 post type-post status-publish format-standard has-post-thumbnail hentry category-noticias\">\n\t\t\t\t<a class=\"elementor-post__thumbnail__link\" href=\"https:\/\/www.sindiesp.org.br\/sindicato\/eleicoes-do-sindiesp-2026-reforcam-participacao-e-compromisso-democratico-da-categoria\/\" tabindex=\"-1\" >\n\t\t\t<div class=\"elementor-post__thumbnail\"><img loading=\"lazy\" decoding=\"async\" width=\"1536\" height=\"865\" src=\"https:\/\/www.sindiesp.org.br\/sindicato\/wp-content\/uploads\/2026\/03\/sindiesp-eleicoes-2026-1536x865.jpeg\" class=\"attachment-1536x1536 size-1536x1536 wp-image-2180\" alt=\"\" srcset=\"https:\/\/www.sindiesp.org.br\/sindicato\/wp-content\/uploads\/2026\/03\/sindiesp-eleicoes-2026-1536x865.jpeg 1536w, https:\/\/www.sindiesp.org.br\/sindicato\/wp-content\/uploads\/2026\/03\/sindiesp-eleicoes-2026-300x169.jpeg 300w, https:\/\/www.sindiesp.org.br\/sindicato\/wp-content\/uploads\/2026\/03\/sindiesp-eleicoes-2026-1024x577.jpeg 1024w, https:\/\/www.sindiesp.org.br\/sindicato\/wp-content\/uploads\/2026\/03\/sindiesp-eleicoes-2026-768x432.jpeg 768w, https:\/\/www.sindiesp.org.br\/sindicato\/wp-content\/uploads\/2026\/03\/sindiesp-eleicoes-2026.jpeg 1600w\" sizes=\"(max-width: 1536px) 100vw, 1536px\" \/><\/div>\n\t\t<\/a>\n\t\t\t\t<div class=\"elementor-post__text\">\n\t\t\t\t<h3 class=\"elementor-post__title\">\n\t\t\t<a href=\"https:\/\/www.sindiesp.org.br\/sindicato\/eleicoes-do-sindiesp-2026-reforcam-participacao-e-compromisso-democratico-da-categoria\/\" >\n\t\t\t\tElei\u00e7\u00f5es do SINDIESP 2026 refor\u00e7am participa\u00e7\u00e3o e compromisso democr\u00e1tico da categoria\t\t\t<\/a>\n\t\t<\/h3>\n\t\t\t\t\t<div class=\"elementor-post__read-more-wrapper\">\n\t\t\n\t\t<a class=\"elementor-post__read-more\" href=\"https:\/\/www.sindiesp.org.br\/sindicato\/eleicoes-do-sindiesp-2026-reforcam-participacao-e-compromisso-democratico-da-categoria\/\" aria-label=\"Leia mais sobre Elei\u00e7\u00f5es do SINDIESP 2026 refor\u00e7am participa\u00e7\u00e3o e compromisso democr\u00e1tico da categoria\" tabindex=\"-1\" >\n\t\t\tSaiba mais \u2192\t\t<\/a>\n\n\t\t\t\t\t<\/div>\n\t\t\t\t<\/div>\n\t\t\t\t<\/article>\n\t\t\t\t<article class=\"elementor-post elementor-grid-item post-2174 post type-post status-publish format-standard has-post-thumbnail hentry category-noticias\">\n\t\t\t\t<a class=\"elementor-post__thumbnail__link\" href=\"https:\/\/www.sindiesp.org.br\/sindicato\/palavra-do-presidente-a-atuacao-das-mulheres-no-setor-de-tecnologia-e-internet\/\" tabindex=\"-1\" >\n\t\t\t<div class=\"elementor-post__thumbnail\"><img loading=\"lazy\" decoding=\"async\" width=\"1536\" height=\"865\" src=\"https:\/\/www.sindiesp.org.br\/sindicato\/wp-content\/uploads\/2026\/03\/dia-das-mulheres-sindiesp-1536x865.webp\" class=\"attachment-1536x1536 size-1536x1536 wp-image-2175\" alt=\"\" srcset=\"https:\/\/www.sindiesp.org.br\/sindicato\/wp-content\/uploads\/2026\/03\/dia-das-mulheres-sindiesp-1536x865.webp 1536w, https:\/\/www.sindiesp.org.br\/sindicato\/wp-content\/uploads\/2026\/03\/dia-das-mulheres-sindiesp-300x169.webp 300w, https:\/\/www.sindiesp.org.br\/sindicato\/wp-content\/uploads\/2026\/03\/dia-das-mulheres-sindiesp-1024x577.webp 1024w, https:\/\/www.sindiesp.org.br\/sindicato\/wp-content\/uploads\/2026\/03\/dia-das-mulheres-sindiesp-768x433.webp 768w, https:\/\/www.sindiesp.org.br\/sindicato\/wp-content\/uploads\/2026\/03\/dia-das-mulheres-sindiesp.webp 1900w\" sizes=\"(max-width: 1536px) 100vw, 1536px\" \/><\/div>\n\t\t<\/a>\n\t\t\t\t<div class=\"elementor-post__text\">\n\t\t\t\t<h3 class=\"elementor-post__title\">\n\t\t\t<a href=\"https:\/\/www.sindiesp.org.br\/sindicato\/palavra-do-presidente-a-atuacao-das-mulheres-no-setor-de-tecnologia-e-internet\/\" >\n\t\t\t\tPalavra do Presidente: A atua\u00e7\u00e3o das mulheres no setor de tecnologia e internet\t\t\t<\/a>\n\t\t<\/h3>\n\t\t\t\t\t<div class=\"elementor-post__read-more-wrapper\">\n\t\t\n\t\t<a class=\"elementor-post__read-more\" href=\"https:\/\/www.sindiesp.org.br\/sindicato\/palavra-do-presidente-a-atuacao-das-mulheres-no-setor-de-tecnologia-e-internet\/\" aria-label=\"Leia mais sobre Palavra do Presidente: A atua\u00e7\u00e3o das mulheres no setor de tecnologia e internet\" tabindex=\"-1\" >\n\t\t\tSaiba mais \u2192\t\t<\/a>\n\n\t\t\t\t\t<\/div>\n\t\t\t\t<\/div>\n\t\t\t\t<\/article>\n\t\t\t\t<article class=\"elementor-post elementor-grid-item post-2169 post type-post status-publish format-standard has-post-thumbnail hentry category-noticias\">\n\t\t\t\t<a class=\"elementor-post__thumbnail__link\" href=\"https:\/\/www.sindiesp.org.br\/sindicato\/enquadramento-sindical-e-seguranca-para-todos-da-categoria-de-tecnologia-e-internet\/\" tabindex=\"-1\" >\n\t\t\t<div class=\"elementor-post__thumbnail\"><img loading=\"lazy\" decoding=\"async\" width=\"1536\" height=\"865\" src=\"https:\/\/www.sindiesp.org.br\/sindicato\/wp-content\/uploads\/2026\/02\/enquadramento-sindiesp-1536x865.webp\" class=\"attachment-1536x1536 size-1536x1536 wp-image-2170\" alt=\"\" srcset=\"https:\/\/www.sindiesp.org.br\/sindicato\/wp-content\/uploads\/2026\/02\/enquadramento-sindiesp-1536x865.webp 1536w, https:\/\/www.sindiesp.org.br\/sindicato\/wp-content\/uploads\/2026\/02\/enquadramento-sindiesp-300x169.webp 300w, https:\/\/www.sindiesp.org.br\/sindicato\/wp-content\/uploads\/2026\/02\/enquadramento-sindiesp-1024x577.webp 1024w, https:\/\/www.sindiesp.org.br\/sindicato\/wp-content\/uploads\/2026\/02\/enquadramento-sindiesp-768x432.webp 768w, https:\/\/www.sindiesp.org.br\/sindicato\/wp-content\/uploads\/2026\/02\/enquadramento-sindiesp.webp 1600w\" sizes=\"(max-width: 1536px) 100vw, 1536px\" \/><\/div>\n\t\t<\/a>\n\t\t\t\t<div class=\"elementor-post__text\">\n\t\t\t\t<h3 class=\"elementor-post__title\">\n\t\t\t<a href=\"https:\/\/www.sindiesp.org.br\/sindicato\/enquadramento-sindical-e-seguranca-para-todos-da-categoria-de-tecnologia-e-internet\/\" >\n\t\t\t\tEnquadramento sindical \u00e9 seguran\u00e7a para todos da categoria de tecnologia e internet\t\t\t<\/a>\n\t\t<\/h3>\n\t\t\t\t\t<div class=\"elementor-post__read-more-wrapper\">\n\t\t\n\t\t<a class=\"elementor-post__read-more\" href=\"https:\/\/www.sindiesp.org.br\/sindicato\/enquadramento-sindical-e-seguranca-para-todos-da-categoria-de-tecnologia-e-internet\/\" aria-label=\"Leia mais sobre Enquadramento sindical \u00e9 seguran\u00e7a para todos da categoria de tecnologia e internet\" tabindex=\"-1\" >\n\t\t\tSaiba mais \u2192\t\t<\/a>\n\n\t\t\t\t\t<\/div>\n\t\t\t\t<\/div>\n\t\t\t\t<\/article>\n\t\t\t\t<article class=\"elementor-post elementor-grid-item post-2165 post type-post status-publish format-standard has-post-thumbnail hentry category-noticias category-uncategorized\">\n\t\t\t\t<a class=\"elementor-post__thumbnail__link\" href=\"https:\/\/www.sindiesp.org.br\/sindicato\/o-papel-do-sindiesp-na-protecao-dos-trabalhadores-da-tecnologia-e-internet\/\" tabindex=\"-1\" >\n\t\t\t<div class=\"elementor-post__thumbnail\"><img loading=\"lazy\" decoding=\"async\" width=\"1536\" height=\"865\" src=\"https:\/\/www.sindiesp.org.br\/sindicato\/wp-content\/uploads\/2026\/02\/trabalhadores-tecnologia-sindiesp-1536x865.webp\" class=\"attachment-1536x1536 size-1536x1536 wp-image-2166\" alt=\"\" srcset=\"https:\/\/www.sindiesp.org.br\/sindicato\/wp-content\/uploads\/2026\/02\/trabalhadores-tecnologia-sindiesp-1536x865.webp 1536w, https:\/\/www.sindiesp.org.br\/sindicato\/wp-content\/uploads\/2026\/02\/trabalhadores-tecnologia-sindiesp-300x169.webp 300w, https:\/\/www.sindiesp.org.br\/sindicato\/wp-content\/uploads\/2026\/02\/trabalhadores-tecnologia-sindiesp-1024x577.webp 1024w, https:\/\/www.sindiesp.org.br\/sindicato\/wp-content\/uploads\/2026\/02\/trabalhadores-tecnologia-sindiesp-768x432.webp 768w, https:\/\/www.sindiesp.org.br\/sindicato\/wp-content\/uploads\/2026\/02\/trabalhadores-tecnologia-sindiesp.webp 1600w\" sizes=\"(max-width: 1536px) 100vw, 1536px\" \/><\/div>\n\t\t<\/a>\n\t\t\t\t<div class=\"elementor-post__text\">\n\t\t\t\t<h3 class=\"elementor-post__title\">\n\t\t\t<a href=\"https:\/\/www.sindiesp.org.br\/sindicato\/o-papel-do-sindiesp-na-protecao-dos-trabalhadores-da-tecnologia-e-internet\/\" >\n\t\t\t\tO papel do SINDIESP na prote\u00e7\u00e3o dos trabalhadores da tecnologia e internet\t\t\t<\/a>\n\t\t<\/h3>\n\t\t\t\t\t<div class=\"elementor-post__read-more-wrapper\">\n\t\t\n\t\t<a class=\"elementor-post__read-more\" href=\"https:\/\/www.sindiesp.org.br\/sindicato\/o-papel-do-sindiesp-na-protecao-dos-trabalhadores-da-tecnologia-e-internet\/\" aria-label=\"Leia mais sobre O papel do SINDIESP na prote\u00e7\u00e3o dos trabalhadores da tecnologia e internet\" tabindex=\"-1\" >\n\t\t\tSaiba mais \u2192\t\t<\/a>\n\n\t\t\t\t\t<\/div>\n\t\t\t\t<\/div>\n\t\t\t\t<\/article>\n\t\t\t\t<\/div>\n\t\t\n\t\t\t\t\t\t<\/div>\n\t\t\t\t<\/div>\n\t\t\t\t<div class=\"elementor-element elementor-element-f4ef374 elementor-align-center elementor-widget elementor-widget-button\" data-id=\"f4ef374\" data-element_type=\"widget\" data-widget_type=\"button.default\">\n\t\t\t\t\t\t\t\t\t\t<a class=\"elementor-button elementor-button-link elementor-size-sm\" href=\"https:\/\/www.sindiesp.org.br\/sindicato\/noticias\/\">\n\t\t\t\t\t\t<span class=\"elementor-button-content-wrapper\">\n\t\t\t\t\t\t\t\t\t<span class=\"elementor-button-text\">Veja todos<\/span>\n\t\t\t\t\t<\/span>\n\t\t\t\t\t<\/a>\n\t\t\t\t\t\t\t\t<\/div>\n\t\t\t\t<\/div>\n\t\t\t\t\t<\/div>\n\t\t\t\t<\/div>\n\t\t\t\t<\/div>\n\t\t","protected":false},"excerpt":{"rendered":"<p>Parceria Veja todos COMUNICADOS Veja todos V\u00cdDEOS https:\/\/www.youtube.com\/watch?v=hBuRJ68103w V\u00cdDEO: Prazer, somos o Sindiesp! Saiba mais \u2192 https:\/\/www.youtube.com\/watch?v=I_rVy61ExGY V\u00cdDEO: Estreia da Webs\u00e9rie &#8220;Nossos Valores&#8221; | Sindicaliza\u00e7\u00e3o<\/p>\n","protected":false},"author":1,"featured_media":598,"parent":0,"menu_order":0,"comment_status":"closed","ping_status":"closed","template":"elementor_theme","meta":{"_acf_changed":false,"footnotes":""},"class_list":["post-9","page","type-page","status-publish","has-post-thumbnail","hentry"],"acf":[],"yoast_head":"<!-- This site is optimized with the Yoast SEO plugin v25.8 - https:\/\/yoast.com\/wordpress\/plugins\/seo\/ -->\n<title>Sindiesp - Sindicato dos Trabalhadores nas Empresas de Internet, Manuten\u00e7\u00e3o e Cursos de Inform\u00e1tica do Estado de S\u00e3o Paulo<\/title>\n<meta name=\"description\" content=\"Sindiesp - Sindicato dos Trabalhadores nas Empresas de Internet, Manuten\u00e7\u00e3o e Cursos de Inform\u00e1tica do Estado de S\u00e3o Paulo.\" \/>\n<meta name=\"robots\" content=\"index, follow, max-snippet:-1, max-image-preview:large, max-video-preview:-1\" \/>\n<link rel=\"canonical\" href=\"https:\/\/www.sindiesp.org.br\/sindicato\/\" \/>\n<meta property=\"og:locale\" content=\"pt_BR\" \/>\n<meta property=\"og:type\" content=\"article\" \/>\n<meta property=\"og:title\" content=\"Sindiesp - Sindicato dos Trabalhadores nas Empresas de Internet, Manuten\u00e7\u00e3o e Cursos de Inform\u00e1tica do Estado de S\u00e3o Paulo\" \/>\n<meta property=\"og:description\" content=\"Sindiesp - Sindicato dos Trabalhadores nas Empresas de Internet, Manuten\u00e7\u00e3o e Cursos de Inform\u00e1tica do Estado de S\u00e3o Paulo.\" \/>\n<meta property=\"og:url\" content=\"https:\/\/www.sindiesp.org.br\/sindicato\/\" \/>\n<meta property=\"og:site_name\" content=\"Sindiesp\" \/>\n<meta property=\"article:publisher\" content=\"https:\/\/www.facebook.com\/people\/Sindiesp\/61572322084556\/?locale=pt_BR\" \/>\n<meta property=\"article:modified_time\" content=\"2025-09-01T21:26:45+00:00\" \/>\n<meta property=\"og:image\" content=\"https:\/\/www.sindiesp.org.br\/sindicato\/wp-content\/uploads\/2025\/01\/sindiesp-logo1.png\" \/>\n\t<meta property=\"og:image:width\" content=\"242\" \/>\n\t<meta property=\"og:image:height\" content=\"280\" \/>\n\t<meta property=\"og:image:type\" content=\"image\/png\" \/>\n<meta name=\"twitter:card\" content=\"summary_large_image\" \/>\n<meta name=\"twitter:label1\" content=\"Est. tempo de leitura\" \/>\n\t<meta name=\"twitter:data1\" content=\"4 minutos\" \/>\n<script type=\"application\/ld+json\" class=\"yoast-schema-graph\">{\"@context\":\"https:\/\/schema.org\",\"@graph\":[{\"@type\":\"WebPage\",\"@id\":\"https:\/\/www.sindiesp.org.br\/sindicato\/\",\"url\":\"https:\/\/www.sindiesp.org.br\/sindicato\/\",\"name\":\"Sindiesp - Sindicato dos Trabalhadores nas Empresas de Internet, Manuten\u00e7\u00e3o e Cursos de Inform\u00e1tica do Estado de S\u00e3o Paulo\",\"isPartOf\":{\"@id\":\"https:\/\/www.sindiesp.org.br\/sindicato\/#website\"},\"primaryImageOfPage\":{\"@id\":\"https:\/\/www.sindiesp.org.br\/sindicato\/#primaryimage\"},\"image\":{\"@id\":\"https:\/\/www.sindiesp.org.br\/sindicato\/#primaryimage\"},\"thumbnailUrl\":\"https:\/\/www.sindiesp.org.br\/sindicato\/wp-content\/uploads\/2025\/01\/sindiesp-logo1.png\",\"datePublished\":\"2025-01-28T17:31:30+00:00\",\"dateModified\":\"2025-09-01T21:26:45+00:00\",\"description\":\"Sindiesp - Sindicato dos Trabalhadores nas Empresas de Internet, Manuten\u00e7\u00e3o e Cursos de Inform\u00e1tica do Estado de S\u00e3o Paulo.\",\"breadcrumb\":{\"@id\":\"https:\/\/www.sindiesp.org.br\/sindicato\/#breadcrumb\"},\"inLanguage\":\"pt-BR\",\"potentialAction\":[{\"@type\":\"ReadAction\",\"target\":[\"https:\/\/www.sindiesp.org.br\/sindicato\/\"]}]},{\"@type\":\"ImageObject\",\"inLanguage\":\"pt-BR\",\"@id\":\"https:\/\/www.sindiesp.org.br\/sindicato\/#primaryimage\",\"url\":\"https:\/\/www.sindiesp.org.br\/sindicato\/wp-content\/uploads\/2025\/01\/sindiesp-logo1.png\",\"contentUrl\":\"https:\/\/www.sindiesp.org.br\/sindicato\/wp-content\/uploads\/2025\/01\/sindiesp-logo1.png\",\"width\":242,\"height\":280},{\"@type\":\"BreadcrumbList\",\"@id\":\"https:\/\/www.sindiesp.org.br\/sindicato\/#breadcrumb\",\"itemListElement\":[{\"@type\":\"ListItem\",\"position\":1,\"name\":\"In\u00edcio\",\"item\":\"https:\/\/www.sindiesp.org.br\/sindicato\/\"},{\"@type\":\"ListItem\",\"position\":2,\"name\":\"Home\"}]},{\"@type\":\"WebSite\",\"@id\":\"https:\/\/www.sindiesp.org.br\/sindicato\/#website\",\"url\":\"https:\/\/www.sindiesp.org.br\/sindicato\/\",\"name\":\"Sindiesp\",\"description\":\"Sindicato dos Trabalhadores nas Empresas de Internet, Manuten\u00e7\u00e3o e Cursos de Inform\u00e1tica do Estado de S\u00e3o Paulo\",\"publisher\":{\"@id\":\"https:\/\/www.sindiesp.org.br\/sindicato\/#organization\"},\"potentialAction\":[{\"@type\":\"SearchAction\",\"target\":{\"@type\":\"EntryPoint\",\"urlTemplate\":\"https:\/\/www.sindiesp.org.br\/sindicato\/?s={search_term_string}\"},\"query-input\":{\"@type\":\"PropertyValueSpecification\",\"valueRequired\":true,\"valueName\":\"search_term_string\"}}],\"inLanguage\":\"pt-BR\"},{\"@type\":\"Organization\",\"@id\":\"https:\/\/www.sindiesp.org.br\/sindicato\/#organization\",\"name\":\"Sindiesp\",\"alternateName\":\"Sindiesp\",\"url\":\"https:\/\/www.sindiesp.org.br\/sindicato\/\",\"logo\":{\"@type\":\"ImageObject\",\"inLanguage\":\"pt-BR\",\"@id\":\"https:\/\/www.sindiesp.org.br\/sindicato\/#\/schema\/logo\/image\/\",\"url\":\"https:\/\/www.sindiesp.org.br\/sindicato\/wp-content\/uploads\/2025\/01\/sindiesp-logo1.png\",\"contentUrl\":\"https:\/\/www.sindiesp.org.br\/sindicato\/wp-content\/uploads\/2025\/01\/sindiesp-logo1.png\",\"width\":242,\"height\":280,\"caption\":\"Sindiesp\"},\"image\":{\"@id\":\"https:\/\/www.sindiesp.org.br\/sindicato\/#\/schema\/logo\/image\/\"},\"sameAs\":[\"https:\/\/www.facebook.com\/people\/Sindiesp\/61572322084556\/?locale=pt_BR\",\"https:\/\/www.instagram.com\/sindiesp\/\",\"https:\/\/www.linkedin.com\/company\/sindiespsindicato\/\",\"https:\/\/www.youtube.com\/@sindiespsindicato\"]}]}<\/script>\n<!-- \/ Yoast SEO plugin. -->","yoast_head_json":{"title":"Sindiesp - Sindicato dos Trabalhadores nas Empresas de Internet, Manuten\u00e7\u00e3o e Cursos de Inform\u00e1tica do Estado de S\u00e3o Paulo","description":"Sindiesp - Sindicato dos Trabalhadores nas Empresas de Internet, Manuten\u00e7\u00e3o e Cursos de Inform\u00e1tica do Estado de S\u00e3o Paulo.","robots":{"index":"index","follow":"follow","max-snippet":"max-snippet:-1","max-image-preview":"max-image-preview:large","max-video-preview":"max-video-preview:-1"},"canonical":"https:\/\/www.sindiesp.org.br\/sindicato\/","og_locale":"pt_BR","og_type":"article","og_title":"Sindiesp - Sindicato dos Trabalhadores nas Empresas de Internet, Manuten\u00e7\u00e3o e Cursos de Inform\u00e1tica do Estado de S\u00e3o Paulo","og_description":"Sindiesp - Sindicato dos Trabalhadores nas Empresas de Internet, Manuten\u00e7\u00e3o e Cursos de Inform\u00e1tica do Estado de S\u00e3o Paulo.","og_url":"https:\/\/www.sindiesp.org.br\/sindicato\/","og_site_name":"Sindiesp","article_publisher":"https:\/\/www.facebook.com\/people\/Sindiesp\/61572322084556\/?locale=pt_BR","article_modified_time":"2025-09-01T21:26:45+00:00","og_image":[{"width":242,"height":280,"url":"https:\/\/www.sindiesp.org.br\/sindicato\/wp-content\/uploads\/2025\/01\/sindiesp-logo1.png","type":"image\/png"}],"twitter_card":"summary_large_image","twitter_misc":{"Est. tempo de leitura":"4 minutos"},"schema":{"@context":"https:\/\/schema.org","@graph":[{"@type":"WebPage","@id":"https:\/\/www.sindiesp.org.br\/sindicato\/","url":"https:\/\/www.sindiesp.org.br\/sindicato\/","name":"Sindiesp - Sindicato dos Trabalhadores nas Empresas de Internet, Manuten\u00e7\u00e3o e Cursos de Inform\u00e1tica do Estado de S\u00e3o Paulo","isPartOf":{"@id":"https:\/\/www.sindiesp.org.br\/sindicato\/#website"},"primaryImageOfPage":{"@id":"https:\/\/www.sindiesp.org.br\/sindicato\/#primaryimage"},"image":{"@id":"https:\/\/www.sindiesp.org.br\/sindicato\/#primaryimage"},"thumbnailUrl":"https:\/\/www.sindiesp.org.br\/sindicato\/wp-content\/uploads\/2025\/01\/sindiesp-logo1.png","datePublished":"2025-01-28T17:31:30+00:00","dateModified":"2025-09-01T21:26:45+00:00","description":"Sindiesp - Sindicato dos Trabalhadores nas Empresas de Internet, Manuten\u00e7\u00e3o e Cursos de Inform\u00e1tica do Estado de S\u00e3o Paulo.","breadcrumb":{"@id":"https:\/\/www.sindiesp.org.br\/sindicato\/#breadcrumb"},"inLanguage":"pt-BR","potentialAction":[{"@type":"ReadAction","target":["https:\/\/www.sindiesp.org.br\/sindicato\/"]}]},{"@type":"ImageObject","inLanguage":"pt-BR","@id":"https:\/\/www.sindiesp.org.br\/sindicato\/#primaryimage","url":"https:\/\/www.sindiesp.org.br\/sindicato\/wp-content\/uploads\/2025\/01\/sindiesp-logo1.png","contentUrl":"https:\/\/www.sindiesp.org.br\/sindicato\/wp-content\/uploads\/2025\/01\/sindiesp-logo1.png","width":242,"height":280},{"@type":"BreadcrumbList","@id":"https:\/\/www.sindiesp.org.br\/sindicato\/#breadcrumb","itemListElement":[{"@type":"ListItem","position":1,"name":"In\u00edcio","item":"https:\/\/www.sindiesp.org.br\/sindicato\/"},{"@type":"ListItem","position":2,"name":"Home"}]},{"@type":"WebSite","@id":"https:\/\/www.sindiesp.org.br\/sindicato\/#website","url":"https:\/\/www.sindiesp.org.br\/sindicato\/","name":"Sindiesp","description":"Sindicato dos Trabalhadores nas Empresas de Internet, Manuten\u00e7\u00e3o e Cursos de Inform\u00e1tica do Estado de S\u00e3o Paulo","publisher":{"@id":"https:\/\/www.sindiesp.org.br\/sindicato\/#organization"},"potentialAction":[{"@type":"SearchAction","target":{"@type":"EntryPoint","urlTemplate":"https:\/\/www.sindiesp.org.br\/sindicato\/?s={search_term_string}"},"query-input":{"@type":"PropertyValueSpecification","valueRequired":true,"valueName":"search_term_string"}}],"inLanguage":"pt-BR"},{"@type":"Organization","@id":"https:\/\/www.sindiesp.org.br\/sindicato\/#organization","name":"Sindiesp","alternateName":"Sindiesp","url":"https:\/\/www.sindiesp.org.br\/sindicato\/","logo":{"@type":"ImageObject","inLanguage":"pt-BR","@id":"https:\/\/www.sindiesp.org.br\/sindicato\/#\/schema\/logo\/image\/","url":"https:\/\/www.sindiesp.org.br\/sindicato\/wp-content\/uploads\/2025\/01\/sindiesp-logo1.png","contentUrl":"https:\/\/www.sindiesp.org.br\/sindicato\/wp-content\/uploads\/2025\/01\/sindiesp-logo1.png","width":242,"height":280,"caption":"Sindiesp"},"image":{"@id":"https:\/\/www.sindiesp.org.br\/sindicato\/#\/schema\/logo\/image\/"},"sameAs":["https:\/\/www.facebook.com\/people\/Sindiesp\/61572322084556\/?locale=pt_BR","https:\/\/www.instagram.com\/sindiesp\/","https:\/\/www.linkedin.com\/company\/sindiespsindicato\/","https:\/\/www.youtube.com\/@sindiespsindicato"]}]}},"_links":{"self":[{"href":"https:\/\/www.sindiesp.org.br\/sindicato\/wp-json\/wp\/v2\/pages\/9","targetHints":{"allow":["GET"]}}],"collection":[{"href":"https:\/\/www.sindiesp.org.br\/sindicato\/wp-json\/wp\/v2\/pages"}],"about":[{"href":"https:\/\/www.sindiesp.org.br\/sindicato\/wp-json\/wp\/v2\/types\/page"}],"author":[{"embeddable":true,"href":"https:\/\/www.sindiesp.org.br\/sindicato\/wp-json\/wp\/v2\/users\/1"}],"replies":[{"embeddable":true,"href":"https:\/\/www.sindiesp.org.br\/sindicato\/wp-json\/wp\/v2\/comments?post=9"}],"version-history":[{"count":6,"href":"https:\/\/www.sindiesp.org.br\/sindicato\/wp-json\/wp\/v2\/pages\/9\/revisions"}],"predecessor-version":[{"id":2086,"href":"https:\/\/www.sindiesp.org.br\/sindicato\/wp-json\/wp\/v2\/pages\/9\/revisions\/2086"}],"wp:featuredmedia":[{"embeddable":true,"href":"https:\/\/www.sindiesp.org.br\/sindicato\/wp-json\/wp\/v2\/media\/598"}],"wp:attachment":[{"href":"https:\/\/www.sindiesp.org.br\/sindicato\/wp-json\/wp\/v2\/media?parent=9"}],"curies":[{"name":"wp","href":"https:\/\/api.w.org\/{rel}","templated":true}]}}